{"id":59,"date":"2018-01-21T22:00:30","date_gmt":"2018-01-21T22:00:30","guid":{"rendered":"http:\/\/konkurs-uw.sarp.warszawa.pl\/?page_id=59"},"modified":"2020-12-21T16:16:57","modified_gmt":"2020-12-21T15:16:57","slug":"pytania-i-odpowiedzi","status":"publish","type":"page","link":"https:\/\/konkurs-park-wilanow.sarp.warszawa.pl\/index.php\/pytania-i-odpowiedzi\/","title":{"rendered":"Pytania i odpowiedzi"},"content":{"rendered":"\n<p><strong>21.12.2020<\/strong> <br>Opublikowano wyja\u015bnienia (1) tre\u015bci Regulaminu konkursu.<br><a rel=\"noreferrer noopener\" href=\"https:\/\/konkurs-park-wilanow.sarp.warszawa.pl\/wp-content\/uploads\/2020\/12\/Wyjasnienie-1-Konkurs-Park-Wilanow.pdf\" target=\"_blank\">Wyjasnienie-1-Konkurs-Park-Wilanow.pdf<\/a><\/p>\n\n\n\n<p><strong>WYJA\u015aNIENIE (1) TRE\u015aCI REGULAMINU KONKURSU<\/strong><\/p>\n\n\n\n<p>W zwi\u0105zku z prowadzonym Konkursem informujemy, i\u017c wp\u0142yn\u0119\u0142y pytania do Regulaminu Konkursu dotycz\u0105ce sk\u0142adania wniosk\u00f3w o dopuszczenie do udzia\u0142u w Konkursie. Zgodnie z Rozdzia\u0142em I pkt 2.8. lit. b. oraz lit. c. Regulaminu konkursu, poni\u017cej Organizator udziela odpowiedzi na zadane pytania:<\/p>\n\n\n\n<p><strong>PYTANIE 1<\/strong><br>Czy Organizator udost\u0119pni uczestnikom edytowalny model terenu 3D zobrazowany w za\u0142\u0105czniku do regulaminu nr 10i? Je\u015bli tak to na jakim etapie konkursu?<br><strong>ODPOWIED\u0179:<\/strong><br>Organizator nie posiada modelu 3d terenu istniej\u0105cego. Pokazany na wizualizacjach model jest pewnym rozwi\u0105zanym autorskim dla terenu, kt\u00f3ry stanowi\u0142 punkt wyj\u015bcia do opracowania wytycznych do konkursu i sprawdzenie realno\u015bci programowo-przestrzennych (ch\u0142onno\u015b\u0107). Jako taki nie b\u0119dzie udost\u0119pniony, aby nie sugerowa\u0107 Uczestnikom \u017cadnych rozwi\u0105za\u0144, kt\u00f3re na tym etapie projektowania Inwestycji nie s\u0105 obowi\u0105zuj\u0105ce i funkcjonuj\u0105 jedynie jako og\u00f3lne zobrazowanie tematu.<\/p>\n\n\n\n<p><strong>PYTANIE 2<\/strong><br>Czy Organizator udost\u0119pni uczestnikom wygenerowany plik odnosz\u0105cy si\u0119 do udost\u0119pnionej w za\u0142\u0105czniku nr 10a mapy z punktami wysoko\u015bciowymi do cel\u00f3w wykonania numerycznego numeru terenu w formacie csf lub txt? Je\u015bli tak to na jakim etapie konkursu?<br><strong>ODPOWIED\u0179:<\/strong><br>Organizator nie posiada takiego pliku.<\/p>\n\n\n\n<p><strong>PYTANIE 3<\/strong><br>Zwracam si\u0119 z pro\u015bb\u0105 o okre\u015blenie szczeg\u00f3\u0142owych kryteri\u00f3w oceny portfolio jakim S\u0105d konkursowy b\u0119dzie si\u0119 kierowa\u0142 podczas kwalifikacji uczestnik\u00f3w do Etapu II. Czy b\u0119dzie zr\u00f3\u017cnicowana ilo\u015b\u0107 punkt\u00f3w za rodzaje umieszczonych w nich projekt\u00f3w? Przyk\u0142adowo czy wy\u017cej oceniane b\u0119d\u0105 projekty zrealizowane? Czy wykazanie si\u0119 projektami budowlano-wykonawczymi w zakresie zagospodarowania teren\u00f3w b\u0119dzie wy\u017cej punktowane ni\u017c projektami jedynie koncepcyjnymi?<br><strong>ODPOWIED\u0179:<\/strong><br>Zgodnie z zapisami Regulaminu konkursu portfolio z\u0142o\u017cone przez Uczestnika konkursu b\u0119dzie traktowane przez S\u0105d Konkursowy jako materia\u0142 pomocniczy przy ocenie, w wypadku uznania, i\u017c przedstawione w Zg\u0142oszeniu do Etapu II rozwi\u0105zania projektowe s\u0105 r\u00f3wnorz\u0119dne lub zbli\u017cone jako\u015bciowo. Nie przewiduje si\u0119 przyznawania punkt\u00f3w. Portfolio b\u0119dzie oceniane g\u0142\u00f3wnie pod wzgl\u0119dem jako\u015bciowym przedstawionego dorobku Uczestnika konkursu a w szczeg\u00f3lno\u015bci pod uwag\u0119 b\u0119dzie brana ilo\u015b\u0107 i jako\u015b\u0107 obiekt\u00f3w zrealizowanych.<\/p>\n\n\n\n<p><strong>PYTANIE 4<\/strong><br>Czy uczestnik, kt\u00f3ry jest wsp\u00f3lnikiem sp\u00f3\u0142ki cywilnej mo\u017ce samodzielnie bra\u0107 udzia\u0142 w konkursie czy ka\u017cdy wsp\u00f3lnik tej\u017ce sp\u00f3\u0142ki musi by\u0107 uczestnikiem przedstawionym na osobnej karcie zg\u0142oszenia?<br><strong>ODPOWIED\u0179:<\/strong><br>Zale\u017cy to od umowy sp\u00f3\u0142ki, aczkolwiek generalnie mo\u017cna przyj\u0105\u0107, zgodnie z orzecznictwem, i\u017c wsp\u00f3lnik sp\u00f3\u0142ki cywilnej mo\u017ce tak\u017ce prowadzi\u0107 dzia\u0142alno\u015b\u0107 samodzielnie. Nale\u017cy jednak sprawdzi\u0107 Umow\u0119 sp\u00f3\u0142ki cywilnej czy nie zosta\u0142a tam zamieszczona klauzula reguluj\u0105ca zakaz konkurencji lub inny zapis uniemo\u017cliwiaj\u0105cy prowadzenia dzia\u0142alno\u015bci wsp\u00f3lnik\u00f3w poza sp\u00f3\u0142k\u0105.<\/p>\n\n\n\n<p><strong>PYTANIE 5<\/strong><br>Czy w przypadku, kiedy uczestnicy konkursu wsp\u00f3lnie bior\u0105 udzia\u0142 w konkursie to przynajmniej jeden z nich musi posiada\u0107 uprawnienia do projektowania w specjalno\u015bci architektonicznej bez ogranicze\u0144, czy wystarczy, \u017ce zesp\u00f3\u0142 \u2018dysponuje\u2019 tak\u0105 osob\u0105, kt\u00f3ra nie b\u0119dzie uczestnikiem konkursu przedstawionym na osobnej karcie zg\u0142oszenia?<br><strong>ODPOWIED\u0179:<\/strong><br>Wystarczaj\u0105cym jest, aby Uczestnicy wsp\u00f3lnie bior\u0105cy udzia\u0142 w Konkursie dysponowali osob\u0105 posiadaj\u0105c\u0105 uprawnienia do projektowania w specjalno\u015bci architektonicznej bez ogranicze\u0144 oraz osoba ta musi by\u0107 cz\u0142onkiem zespo\u0142u autorskiego opracowuj\u0105cego koncepcj\u0119 konkursow\u0105.<\/p>\n\n\n\n<p><strong>PYTANIE 6<\/strong><br>Czy osoba o kt\u00f3rej mowa powy\u017cej, posiadaj\u0105ca uprawnienia do projektowania w specjalno\u015bci architektonicznej bez ogranicze\u0144 musi by\u0107 wpisana do okr\u0119gowej izby architekt\u00f3w?<br><strong>ODPOWIED\u0179:<\/strong><br>Na etapie konkursu nie jest to wymagane. Wym\u00f3g ten b\u0119dzie obowi\u0105zywa\u0142 Uczestnika konkursu, kt\u00f3ry otrzyma nagrod\u0119 w postaci zaproszenia do negocjacji Umowy na wykonanie Przedmiotu zam\u00f3wienia.<\/p>\n\n\n\n<p><strong>PYTANIE 7<\/strong><br>Czy zg\u0142oszenie do Etapu II w formie pisemnej mo\u017ce by\u0107 dostarczone przez kuriera czy osobi\u015bcie?<br><strong>ODPOWIED\u0179:<\/strong><br>Do decyzji Uczestnika konkursu przy za\u0142o\u017ceniu, i\u017c Zg\u0142oszenie musi by\u0107 dostarczone na adres wskazany w Rozdziale IV pkt. 2.4. Regulaminu w nieprzekraczalnym terminie do dnia 11.01.2021r. do godziny 15.00.<\/p>\n\n\n\n<p><strong>PYTANIE 8<\/strong><br>W jakiej technice maj\u0105 by\u0107 wykonane wst\u0119pne szkice (odr\u0119cznej, komputerowej) b\u0119d\u0105ce za\u0142\u0105cznikiem do zg\u0142oszenia do Etapu II?<br><strong>ODPOWIED\u0179:<\/strong><br>Do decyzji Uczestnika konkursu pod warunkiem czytelno\u015bci i jednoznaczno\u015bci przedstawionych w nich rozwi\u0105za\u0144 projektowych, programowych, funkcjonalnych.<\/p>\n\n\n\n<p><strong>PYTANIE 9<\/strong><br>Za\u0142\u0105cznik do regulaminu nr 10i (obiekty projektowane) &#8211; plik \u201eAksonometria_ca\u0142e_za\u0142o\u017cenie_Wilan\u00f3w_Park\u201d pokazuje \u201estref\u0119 wej\u015bcia na poziom +1\u201d.<br>Wizualizacja \u201eWidok_1_Oran\u017ceria.jpg\u201d zawiera schody terenowe i sugeruje, \u017ce znajduj\u0105 si\u0119 one na terenie obszaru opracowania parku (zakresu konkursu).<br>Chcia\u0142am si\u0119 zapyta\u0107 czy teren \u201estrefa wej\u015bcia na poziom +1\u201d stanowi wy\u017cej wspomniane schody terenowe oraz poprosi\u0107 o dodatkowe materia\u0142y pokazuj\u0105ce ten element (po\u0142o\u017cenie schod\u00f3w wzgl\u0119dem obiektu i obszaru kluczowego konkursu).<br><strong>ODPOWIED\u0179:<\/strong><br>Przedstawione wizualizacje, przekroje i widoki projektowanych obiekt\u00f3w, stanowi\u0105ce Za\u0142\u0105cznik nr 10i do Regulaminu, maj\u0105 na celu jedynie zobrazowanie og\u00f3lnej formy architektonicznej oran\u017cerii i pozosta\u0142ych budynk\u00f3w. Zadaniem Uczestnika konkursu, zgodnie z zapisami Regulaminu, jest zaproponowanie rozwi\u0105zania strefy wej\u015bcia na poziom +1 i w tym zakresie nie nale\u017cy si\u0119 sugerowa\u0107 przedstawionymi rozwi\u0105zaniami, kt\u00f3re mog\u0105 pojawi\u0107 si\u0119 w materia\u0142ach z Za\u0142\u0105cznika nr 10i do Regulaminu.<\/p>\n\n\n\n<p><strong>PYTANIE 10<\/strong><br>\u201eWidok_elewacja_Oran\u017ceria.dwg\u201d cz\u0119\u015bciowo pokazuje przekr\u00f3j przez teren na warstwie \u201eS-GRID\u201d, sugeruje on, \u017ce w obszarze parku (konkursowym) znajduje si\u0119 du\u017cy nasyp si\u0119gaj\u0105cy oko\u0142o 6m wysoko\u015bci (widoczny jest te\u017c w pliku \u201eAksonometria_ca\u0142e_za\u0142o\u017cenie_Wilan\u00f3w_Park\u201d). W jaki spos\u00f3b wygl\u0105da on na rzucie terenu i jak rozk\u0142adaj\u0105 si\u0119 nowe poziomice w obszarze opracowania?<br><strong>ODPOWIED\u0179:<\/strong><br>Patrz odpowied\u017a na pytanie 9<\/p>\n\n\n\n<p><strong>PYTANIE 11<\/strong><br>W jakiej lokalizacji ma znajdowa\u0107 si\u0119 proponowany przystanek komunikacji miejskiej?<br><strong>ODPOWIED\u0179:<\/strong><br>W Za\u0142\u0105czniku nr 10j do Regulaminu (Inwentaryzacja dendrologiczna) zosta\u0142a zaznaczona strefa przystanku. Znajduje si\u0119 ona naprzeciwko budynku B. Na Za\u0142\u0105czniku nr 10a do regulaminu (Mapa) lokalizacja ta zosta\u0142a zaznaczona lini\u0105 fioletow\u0105.<\/p>\n\n\n\n<p><strong>PYTANIE 12<\/strong><br>Czy na terenie projektowanego parku nale\u017cy zagospodarowa\u0107 ca\u0142o\u015b\u0107 w\u00f3d opadowych z dach\u00f3w budynk\u00f3w otaczaj\u0105cych czy te\u017c cz\u0119\u015b\u0107? Prosz\u0119 o podanie szacunkowej ilo\u015bci wody opadowej z budynk\u00f3w do zagospodarowania na terenie parku.<br><strong>ODPOWIED\u0179:<\/strong><br>Na terenie parku b\u0119dzie konieczne zagospodarowanie ca\u0142o\u015bci w\u00f3d opadowych z budynk\u00f3w znajduj\u0105cych si\u0119 w obszarze zamierzenia inwestycyjnego.<br>Szacunkowa ilo\u015b\u0107 w\u00f3d do zagospodarowania na terenie parku: 735 dm3\/s<\/p>\n\n\n\n<p><strong>PYTANIE 13<\/strong><br>Czy w projektach budynk\u00f3w otaczaj\u0105cych przewidziano rozwi\u0105zania maj\u0105ce wp\u0142yw na zmniejszenie ilo\u015bci lub spowolnienie sp\u0142ywu w\u00f3d opadowych? Je\u017celi tak to jakie?<br><strong>ODPOWIED\u0179:<\/strong><br>Zapisy dotycz\u0105ce gospodarowania wodami opadowymi znajduj\u0105 si\u0119 z MPZP. Zgodnie z zapisami i zakresem przedstawionym na rysunku miejscowego planu cz\u0119\u015b\u0107 dach\u00f3w b\u0119dzie wykonana jako teren biologicznie czynny (technologia dachu zielonego).<br>Powierzchnia stropodach\u00f3w w zaznaczonej strefie 15 440 m2.<br>Maksymalna dopuszczalna powierzchnia niezapewniaj\u0105ca wegetacji ro\u015blin 6 176 m2.<br>Powierzchnia biologicznie czynna 9 264 m2.<\/p>\n\n\n\n<p><strong>PYTANIE 14<\/strong><br>Czy przewiduje si\u0119 odprowadzenie na teren parku jakichkolwiek w\u00f3d opadowych z teren\u00f3w utwardzonych znajduj\u0105cych si\u0119 poza granic\u0105 opracowania konkursowego?<br><strong>ODPOWIED\u0179:<\/strong><br>Przewiduje si\u0119 odprowadzenia w\u00f3d opadowych z ca\u0142ego zamierzenia inwestycyjnego.<br>Szacunkowa ilo\u015b\u0107 w\u00f3d opadowych z budynk\u00f3w i teren\u00f3w w obszarze zamierzenia inwestycyjnego &#8211; 735 dm3\/s<br>Planuje si\u0119 aby zrzut wody opadowej odbywa si\u0119 bezpo\u015brednio do zbiorka retencyjnego zewn\u0119trznego w parku po wcze\u015bniejszym podczyszczeniu.<br>Dodatkowo opcjonalnie analizowane jest odprowadzenie w\u00f3d deszczowych z projektowanej ul. Uprawnej. Decyzja o tym zapadnie w terminie p\u00f3\u017aniejszym i b\u0119dzie elementem do rozwi\u0105zania projektowego na etapie koordynacji mi\u0119dzybran\u017cowej podczas wykonywania ostatecznej koncepcji wielobran\u017cowej lub projektu budowlanego Inwestycji.<\/p>\n\n\n\n<p><strong>PYTANIE 15<\/strong><br>Czy na terenie obj\u0119tym zakresem konkursu s\u0105 przewidywane docelowo jakiekolwiek sieci instalacyjne (istniej\u0105ce lub projektowane, podziemne b\u0105d\u017a napowietrzne) poza instalacjami obs\u0142uguj\u0105cymi park, jak r\u00f3wnie\u017c elementy infrastruktury takie jak stacje trafo itp.? Je\u017celi tak to jakie i w kt\u00f3rych miejscach.<br><strong>ODPOWIED\u0179:<\/strong><br>Na terenie parku s\u0105 przewidziane sieci uzbrojenia podziemnego jako element techniczny i funkcjonalny Inwestycji (budynki). Na dzie\u0144 dzisiejszy Organizator nie dysponuje zatwierdzonym przebiegiem tych sieci. Koordynacja mi\u0119dzybran\u017cowa ostatecznego przebiegu sieci oraz zagospodarowania parku b\u0119dzie obywa\u0142a si\u0119 na etapie opracowywania ostatecznej koncepcji wielobran\u017cowej lub projektu budowlanego Inwestycji.<\/p>\n\n\n\n<p><strong>PYTANIE 16<\/strong><br>Prosz\u0119 o podanie poziomu zera parter\u00f3w projektowanych budynk\u00f3w w stosunku do rz\u0119dnych terenu.<br><strong>ODPOWIED\u0179:<\/strong><br>Budynek g\u0142\u00f3wny (Budynek A, A1) &#8211; parter 89,00<br>Biurowiec (Budynek C) &#8211; parter 88,20<br>Hotel (Budynek B) &#8211; parter 88,50<br>Rz\u0119dne mog\u0105 ulec niewielkiej zmianie po wykonaniu ostatecznej koncepcji uk\u0142adu drogowego i b\u0119dzie to elementem uzgodnie\u0144 mi\u0119dzybran\u017cowych na etapie koordynacji mi\u0119dzybran\u017cowej podczas wykonywania ostatecznej koncepcji wielobran\u017cowej lub projektu budowlanego Inwestycji.<\/p>\n\n\n\n<p><strong><span class=\"has-inline-color has-black-color\">PYTANIE 17<\/span><\/strong><br>Czy Organizator dysponuje materia\u0142ami dotycz\u0105cymi rozwi\u0105zania Po\u0142udniowej Obwodnicy Warszawy w\u0119ze\u0142 &#8222;Przycz\u00f3\u0142kowa&#8221;? Je\u017celi tak to prosimy o udost\u0119pnienie.<br><strong>ODPOWIED\u0179:<\/strong><br>Wszystkie dost\u0119pne plany dotycz\u0105ce POW znajduj\u0105 si\u0119 na stronie internetowej: <br><a rel=\"noreferrer noopener\" href=\"http:\/\/siskom.waw.pl\/s2.htm\" target=\"_blank\">http:\/\/siskom.waw.pl\/s2.htm<\/a> oraz <a rel=\"noreferrer noopener\" href=\"http:\/\/www.pulawska-lubelska.pl\/plany-i-mapy\" target=\"_blank\">http:\/\/www.pulawska-lubelska.pl\/plany-i-mapy<\/a><br>Prosimy tak\u017ce o zapoznanie si\u0119 z Za\u0142\u0105cznikiem nr 10a i 10j do Regulaminu, gdzie naniesione s\u0105 planowane podstawowe rozwi\u0105zania POW i w\u0119z\u0142a \u201ePrzycz\u00f3\u0142kowa\u201d.<\/p>\n\n\n\n<p><strong>PYTANIE 18<\/strong><br>Czy projekt Po\u0142udniowej Obwodnicy Warszawy przewiduje bezkolizyjne skrzy\u017cowanie POW z kontynuacj\u0105 Al. Rzeczypospolitej w kierunku po\u0142udniowym?<br><strong>ODPOWIED\u0179:<\/strong><br>Patrz odpowied\u017a na pytanie 17<\/p>\n\n\n\n<p><strong>PYTANIE 19<\/strong><br>W kt\u00f3rych miejscach w rejonie planowanego parku docelowo s\u0105 przewidywane przej\u015bcia \/ przejazdy rowerowe przez ul. Przycz\u00f3\u0142kow\u0105 i w jaki spos\u00f3b zostan\u0105 rozwi\u0105zane (k\u0142adka czy przej\u015bcie na \u015bwiat\u0142ach na poziomie terenu)?<br><strong>ODPOWIED\u0179:<\/strong><br>Patrz odpowied\u017a na pytanie 17<\/p>\n\n\n\n<p><strong>PYTANIE 20<\/strong><br>Jakie funkcje s\u0105 przewidywane na terenie ograniczonym ul. Karuzela, Przycz\u00f3\u0142kowa, POW po\u0142o\u017conym na po\u0142udniowy wsch\u00f3d od parku?<br><strong>ODPOWIED\u0179:<\/strong><br>Organizator nie posiada takich informacji.<\/p>\n\n\n\n<p><strong>PYTANIE 21<\/strong><br>Czy k\u0142adka nad ulic\u0105 Przycz\u00f3\u0142kow\u0105 widoczna na rysunku \u201eZa\u0142\u0105cznik 10a_Mapa\u201d jest przeznaczona do realizacji i czy to rzeczywista planowana lokalizacja tego przej\u015bcia nad ulic\u0105 Przycz\u00f3\u0142kow\u0105?<br><strong>ODPOWIED\u0179:<\/strong><br>K\u0142adka ju\u017c istnieje.<br>Prosimy o zapoznanie si\u0119 Uczestnik\u00f3w z terenem opracowania konkursowego.<\/p>\n\n\n\n<p><strong>PYTANIE 22<\/strong><br>Czy lokalizacja przej\u015b\u0107 dla pieszych przez ulic\u0119 Przycz\u00f3\u0142kow\u0105 &#8211; na skrzy\u017cowaniu z ulic\u0105 Uprawn\u0105 i nowoprojektowanym odcinkiem ulicy Uprawnej &#8211; zaznaczona w za\u0142\u0105czniku \u201eInwentaryzacja _RYSUNEK\u201d- jest ich rzeczywist\u0105 planowan\u0105 lokalizacj\u0105 i czy projekt ten jest przeznaczony do realizacji?<br><strong>ODPOWIED\u0179:<\/strong><br>Na etapie konkursu nale\u017cy przyj\u0105\u0107, i\u017c lokalizacja przej\u015b\u0107 dla pieszych we wskazanym w pytaniu miejscu jest docelowa natomiast dla rozwi\u0105za\u0144 ostatecznych mo\u017ce ulec niewielkim zmianom co b\u0119dzie elementem uzgodnie\u0144 mi\u0119dzybran\u017cowych na etapie koordynacji mi\u0119dzybran\u017cowej podczas wykonywania ostatecznej koncepcji wielobran\u017cowej lub projektu budowlanego Inwestycji.<\/p>\n\n\n\n<p><strong>PYTANIE 23<\/strong><br>W jakim stopniu opracowanie terenu konkursowego ma odpowiada\u0107 na potrzeby retencji w\u00f3d opadowych z dach\u00f3w przylegaj\u0105cych do niego projektowanych budynk\u00f3w? Czy dachy tych budynk\u00f3w s\u0105 zaprojektowane jako dachy zielone? Czy przewidziany jest zrzut w\u00f3d opadowych z dach\u00f3w do kanalizacji czy te\u017c przyj\u0119to za\u0142o\u017cenie, \u017ce ca\u0142o\u015b\u0107 tych w\u00f3d powinna by\u0107 przej\u0119ta przez system retencji zaprojektowany dla terenu opracowania konkursowego? Jaka jest przewidywana ilo\u015b\u0107 w\u00f3d z dach\u00f3w projektowanych budynk\u00f3w?<\/p>\n\n\n\n<p><strong>ODPOWIED\u0179:<\/strong><br>Patrz odpowiedzi na pytania: 13, 14 i 16<\/p>\n\n\n\n<p><strong>PYTANIE 24<\/strong><br>Czy elewacja projektowanej Oran\u017cerii umo\u017cliwia lokalizacj\u0119 wej\u015b\u0107 w dowolnym miejscu strefy oznaczonej na rysunku \u201eZa\u0142\u0105cznik 10a_Mapa\u201d jako \u201estrefa lokalizacji wej\u015b\u0107 do oran\u017cerii\u201d? Czy wej\u015bcia te s\u0105 ju\u017c zaprojektowane w konkretnych miejscach, je\u015bli tak \u2013 jaka jest ich dok\u0142adna lokalizacja?<\/p>\n\n\n\n<p><strong>ODPOWIED\u0179:<\/strong><br>Elewacja projektowanej Oran\u017cerii umo\u017cliwia lokalizacj\u0119 wej\u015b\u0107 w dowolnym miejscu strefy oznaczonej na rysunku \u201eZa\u0142\u0105cznik 10a_Mapa\u201d jako \u201estrefa lokalizacji wej\u015b\u0107 do oran\u017cerii\u201d.<br>Na dzie\u0144 dzisiejszy nie ma jeszcze ostatecznej lokalizacji wej\u015b\u0107 do Oran\u017cerii. B\u0119dzie to ostatecznie ustalane po wyborze koncepcji zwyci\u0119skiej parku na etapie uzgodnie\u0144 mi\u0119dzybran\u017cowych w czasie koordynacji mi\u0119dzybran\u017cowej podczas wykonywania ostatecznej koncepcji wielobran\u017cowej lub projektu budowlanego Inwestycji.<\/p>\n\n\n\n<p><strong>PYTANIE 25<\/strong><br>Jak wygl\u0105da pasa\u017c na poziomie +1 Oran\u017cerii, w szczeg\u00f3lno\u015bci na styku wn\u0119trza i projektowanego parku? Gdzie dok\u0142adnie znajduje si\u0119 wyj\u015bcie z Oran\u017cerii na poziomie +1?<br><strong>ODPOWIED\u0179:<\/strong><br>Na dzie\u0144 dzisiejszy nie ma jeszcze ostatecznego projektu pasa\u017cu na poziomie +1 oraz lokalizacji wej\u015bcia\/wyj\u015bcia na poziomie +1. B\u0119dzie to ostatecznie ustalane po wyborze koncepcji zwyci\u0119skiej parku na etapie uzgodnie\u0144 mi\u0119dzybran\u017cowych w czasie koordynacji mi\u0119dzybran\u017cowej podczas wykonywania ostatecznej koncepcji wielobran\u017cowej lub projektu budowlanego Inwestycji.<\/p>\n\n\n\n<p><strong>PYTANIE 26<\/strong><br>Jak wygl\u0105da rzut parteru Oran\u017cerii, w szczeg\u00f3lno\u015bci pod stref\u0105 \u0142\u0105czenia pasa\u017cu w poziomie +1 z zewn\u0119trznym parkiem?<br><strong>ODPOWIED\u0179:<\/strong><br>Na dzie\u0144 dzisiejszy nie ma jeszcze ostatecznego rzutu parteru Oran\u017cerii. B\u0119dzie to ostatecznie ustalane po wyborze koncepcji zwyci\u0119skiej parku na etapie uzgodnie\u0144 mi\u0119dzybran\u017cowych w czasie koordynacji mi\u0119dzybran\u017cowej podczas wykonywania ostatecznej koncepcji wielobran\u017cowej lub projektu budowlanego Inwestycji.<\/p>\n\n\n\n<p><strong>PYTANIE 27<\/strong><br>Czy mo\u017cliwe jest udost\u0119pnienie uczestnikom dok\u0142adnych schemat\u00f3w lub rzut\u00f3w kondygnacji \u201e0\u201d i +1 Oran\u017cerii?<br><strong>ODPOWIED\u0179:<\/strong><br>Na dzie\u0144 dzisiejszy nie ma jeszcze ostatecznego rzutu parteru Oran\u017cerii. B\u0119dzie to ostatecznie ustalane po wyborze koncepcji zwyci\u0119skiej parku na etapie uzgodnie\u0144 mi\u0119dzybran\u017cowych w czasie koordynacji mi\u0119dzybran\u017cowej podczas wykonywania ostatecznej koncepcji wielobran\u017cowej lub projektu budowlanego Inwestycji.<\/p>\n\n\n\n<p><strong>PYTANIE 28<\/strong><br>Czy w materia\u0142ach konkursowych zostan\u0105 r\u00f3wnie\u017c udost\u0119pnione modele projektowanych budynk\u00f3w, na podstawie kt\u00f3rych zosta\u0142y wykonane wizualizacje w folderze Zalacznik_do_Regulaminu_nr_10i_Obiekty_projektowane?<br><strong>ODPOWIED\u0179:<\/strong><br>Organizator rozwa\u017cy udostepnienie pliku z uproszczonym modelem 3d dla Uczestnik\u00f3w zakwalifikowanych do Etapu II Konkursu.<\/p>\n\n\n\n<p><strong>PYTANIE 29<\/strong><br>W za\u0142\u0105czonej koncepcji architektonicznej nie ma rzut\u00f3w z g\u00f3ry dla projektowanego budynku oran\u017cerii.<br>Prosz\u0119 o wskazanie lokalizacji planowanych wej\u015b\u0107 do budynku. Dotyczy to r\u00f3wnie\u017c kondygnacji, na kt\u00f3r\u0105 maj\u0105 prowadzi\u0107 schody terenowe.<br><strong>ODPOWIED\u0179:<\/strong><br>Rzut ten zosta\u0142 schematycznie pokazany na Za\u0142\u0105czniku nr 10a do Regulaminu co zdaniem Organizatora jest wystarczaj\u0105ce na etapie sporz\u0105dzania og\u00f3lnych rozwi\u0105za\u0144 projektowych na Etapie I konkursu.<br>Na dzie\u0144 dzisiejszy nie ma jeszcze ostatecznego rzutu parteru Oran\u017cerii. B\u0119dzie to ostatecznie ustalane po wyborze koncepcji zwyci\u0119skiej parku na etapie uzgodnie\u0144 mi\u0119dzybran\u017cowych w czasie koordynacji mi\u0119dzybran\u017cowej podczas wykonywania ostatecznej koncepcji wielobran\u017cowej lub projektu budowlanego Inwestycji.<\/p>\n\n\n\n<p><strong>PYTANIE 30<\/strong><br>Czy planowane koszty inwestycji okre\u015blone na 5 mln brutto obejmuj\u0105 swoim zakresem koszty projektu, czy te\u017c maj\u0105 to by\u0107 koszty realizacji.<br><strong>ODPOWIED\u0179:<\/strong><br>Zgodnie z zapisami Regulaminu konkursu Rozdzia\u0142 II pkt 6 s\u0105 to maksymalne planowane koszty realizacji Inwestycji. W rozdziale II pkt 7 podane s\u0105 natomiast \u0142\u0105czne planowane koszty wykonania Przedmiotu zam\u00f3wienia.<\/p>\n\n\n\n<p><strong>PYTANIE 31<\/strong><br>W regulaminie okre\u015blono, \u017ce w zespole powinna znajdowa\u0107 si\u0119 minimum jedna osoba, posiadaj\u0105c\u0105 uprawnienia budowlane do projektowania w specjalno\u015bci architektonicznej bez ogranicze\u0144; czy to musz\u0105 by\u0107 uprawnienia polskie?<br><strong>ODPOWIED\u0179:<\/strong><br>Na etapie konkursu nie musz\u0105 by\u0107 to polskie uprawnienia budowlane do projektowania w specjalno\u015bci architektonicznej bez ogranicze\u0144, natomiast Uczestnik konkursy kt\u00f3ry wygra konkurs i otrzyma zlecenie na wykonanie dokumentacji projektowej musi dysponowa\u0107 projektantem b\u0119d\u0105cymi cz\u0142onkiem Izby Architekt\u00f3w RP co jest warunkiem wykonywania zawodu na terenie Rzeczypospolitej Polskiej.<\/p>\n\n\n\n<hr class=\"wp-block-separator\"\/>\n\n\n\n<p><strong>Pytania tura I<\/strong><\/p>\n\n\n\n<p>Sk\u0142adanie pyta\u0144 przez zainteresowanych udzia\u0142em w Konkursie do dnia: 14.12.2020r. do godz. 15.00 na adres poczty elektronicznej (e-mail):<br><strong><a href=\"mailto:konkurs-park-wilanow@sarp.warszawa.pl\">konkurs-park-wilanow@sarp.warszawa.pl<\/a><\/strong><\/p>\n\n\n\n<p>Odpowiedzi na pytania zostan\u0105 udzielone nie p\u00f3\u017aniej ni\u017c do dnia 21.12.2020r.<\/p>\n\n\n\n<p><strong>Pytania tura II<\/strong><\/p>\n\n\n\n<p>Sk\u0142adanie pyta\u0144 przez Uczestnik\u00f3w Konkursu zakwalifikowanych do Etapu II Konkursu do dnia: 05.02.2021r. do godz. 15.00 na adres poczty elektronicznej (e-mail):<br><strong><a href=\"mailto:konkurs-park-wilanow@sarp.warszawa.pl\">konkurs-park-wilanow@sarp.warszawa.pl<\/a><\/strong><\/p>\n\n\n\n<p>Odpowiedzi na pytania zostan\u0105 udzielone nie p\u00f3\u017aniej ni\u017c do dnia 11.02.2021r.<\/p>\n\n\n\n<p><strong>Pytania tura III<\/strong><\/p>\n\n\n\n<p>Sk\u0142adanie pyta\u0144 przez Uczestnik\u00f3w Konkursu po odbytych warsztatach do dnia: 19.03.2021r. do godz. 15.00 na adres poczty elektronicznej (e-mail):<br><strong><a href=\"mailto:konkurs-park-wilanow@sarp.warszawa.pl\">konkurs-park-wilanow@sarp.warszawa.pl<\/a><\/strong><\/p>\n\n\n\n<p>Odpowiedzi na pytania zostan\u0105 udzielone nie p\u00f3\u017aniej ni\u017c do dnia 26.03.2021r.<\/p>\n\n\n\n<p>Tre\u015b\u0107 zapyta\u0144 dotycz\u0105cych Regulaminu Konkursu oraz odpowiedzi na te pytania bez ujawniania \u017ar\u00f3d\u0142a zapytania zostan\u0105 opublikowane na Platformie internetowej konkursu tj.: www.konkurs-park-wilanow.sarp.warszawa.pl za wyj\u0105tkiem przypadku gdy odpowiedzi na pytania Uczestnika Konkursu dotycz\u0105ce w\u0142a\u015bciwo\u015bci jego Pracy Konkursowej w\u00f3wczas b\u0119d\u0105 one przesy\u0142ane wy\u0142\u0105cznie do tego Uczestnika.<\/p>\n","protected":false},"excerpt":{"rendered":"<p>21.12.2020 Opublikowano wyja\u015bnienia (1) tre\u015bci Regulaminu konkursu.Wyjasnienie-1-Konkurs-Park-Wilanow.pdf WYJA\u015aNIENIE (1) TRE\u015aCI REGULAMINU KONKURSU W zwi\u0105zku z prowadzonym Konkursem informujemy, i\u017c wp\u0142yn\u0119\u0142y pytania do Regulaminu Konkursu dotycz\u0105ce sk\u0142adania wniosk\u00f3w o dopuszczenie do udzia\u0142u w Konkursie. Zgodnie z Rozdzia\u0142em I pkt 2.8. lit.<span class=\"ellipsis\">&hellip;<\/span><\/p>\n<div class=\"read-more\"><a href=\"https:\/\/konkurs-park-wilanow.sarp.warszawa.pl\/index.php\/pytania-i-odpowiedzi\/\">Czytaj wi\u0119cej <span class=\"screen-reader-text\">Pytania i odpowiedzi<\/span><span class=\"meta-nav\"> &#8250;<\/span><\/a><\/div>\n<p><!-- end of .read-more --><\/p>\n","protected":false},"author":1,"featured_media":0,"parent":0,"menu_order":0,"comment_status":"closed","ping_status":"closed","template":"","meta":[],"_links":{"self":[{"href":"https:\/\/konkurs-park-wilanow.sarp.warszawa.pl\/index.php\/wp-json\/wp\/v2\/pages\/59"}],"collection":[{"href":"https:\/\/konkurs-park-wilanow.sarp.warszawa.pl\/index.php\/wp-json\/wp\/v2\/pages"}],"about":[{"href":"https:\/\/konkurs-park-wilanow.sarp.warszawa.pl\/index.php\/wp-json\/wp\/v2\/types\/page"}],"author":[{"embeddable":true,"href":"https:\/\/konkurs-park-wilanow.sarp.warszawa.pl\/index.php\/wp-json\/wp\/v2\/users\/1"}],"replies":[{"embeddable":true,"href":"https:\/\/konkurs-park-wilanow.sarp.warszawa.pl\/index.php\/wp-json\/wp\/v2\/comments?post=59"}],"version-history":[{"count":8,"href":"https:\/\/konkurs-park-wilanow.sarp.warszawa.pl\/index.php\/wp-json\/wp\/v2\/pages\/59\/revisions"}],"predecessor-version":[{"id":598,"href":"https:\/\/konkurs-park-wilanow.sarp.warszawa.pl\/index.php\/wp-json\/wp\/v2\/pages\/59\/revisions\/598"}],"wp:attachment":[{"href":"https:\/\/konkurs-park-wilanow.sarp.warszawa.pl\/index.php\/wp-json\/wp\/v2\/media?parent=59"}],"curies":[{"name":"wp","href":"https:\/\/api.w.org\/{rel}","templated":true}]}}